{"id":175,"date":"2021-06-17T14:28:03","date_gmt":"2021-06-17T12:28:03","guid":{"rendered":"http:\/\/www.irnofestival.it\/XXIII\/?page_id=175"},"modified":"2021-06-21T13:28:29","modified_gmt":"2021-06-21T11:28:29","slug":"04-settembre-2021","status":"publish","type":"page","link":"http:\/\/www.irnofestival.it\/XXIII\/04-settembre-2021\/","title":{"rendered":"04 Settembre 2021"},"content":{"rendered":"<p>[vc_row type=&#8221;vc_default&#8221; full_width=&#8221;stretch_row&#8221; gap=&#8221;35&#8243; css=&#8221;.vc_custom_1563279037468{padding-top: 80px !important;padding-bottom: 80px !important;background-color: #f6f6f6 !important;}&#8221;][vc_column offset=&#8221;vc_col-lg-offset-1 vc_col-lg-10 vc_col-md-offset-1 vc_col-md-10 vc_col-xs-12&#8243;][vc_column_text]<\/p>\n<h3 class=\"p1\" style=\"text-align: center;\">Alessio Boni e Marcello Prayer<br \/>\nin &#8220;Canto degli Esclusi&#8221;<br \/>\nconcertato a due per Alda Merini<\/h3>\n<p style=\"text-align: center;\">&#8220;Se un poeta dona le proprie carte con l\u2019intenzione di regalare i propri patimenti,<br \/>\nle ansie, le sue mille anime, gli altri dovrebbero ringraziarlo perch\u00e9, con gli occhi<br \/>\nrarefatti dalla follia, sta guardando il destino anche per loro&#8221;.<\/p>\n<h4 class=\"p1\" style=\"text-align: center;\">Sabato 04 settembre 2021<br \/>\nDuomo di Salerno \/ ore 21.00<\/h4>\n<p class=\"p1\" style=\"text-align: center;\"><strong>BIGLIETTI<\/strong><br \/>\n<strong>biglietto singolo \u20ac 35,00 + prevendita<br \/>\nabbonamento a tutti gli spettacoli \u20ac 100,00 &#8211; prev. esclusa<\/strong><br \/>\n<a href=\"https:\/\/bit.ly\/3hJuB17\"><strong>postoriservato.it<\/strong><\/a><\/p>\n<p>[\/vc_column_text][\/vc_column][\/vc_row][vc_row margin_top=&#8221;80px&#8221; margin_bottom=&#8221;80px&#8221; css=&#8221;.vc_custom_1563279048769{margin-bottom: 60px !important;}&#8221;][vc_column]<div class=\"dt-fancy-separator title-left\" style=\"width: 100%;\"><div class=\"dt-fancy-title\"><span class=\"separator-holder separator-left\"><\/span>Curriculum artisti<span class=\"separator-holder separator-right\"><\/span><\/div><\/div>[\/vc_column][\/vc_row][vc_row type=&#8221;vc_default&#8221; full_width=&#8221;stretch_row&#8221; gap=&#8221;35&#8243;][vc_column width=&#8221;1\/4&#8243;]<style type=\"text\/css\" data-type=\"the7_shortcodes-inline-css\">.shortcode-single-image-wrap.shortcode-single-image-c5058a3522d219820a4c9d9cd50102bd.enable-bg-rollover .rollover i,\n.shortcode-single-image-wrap.shortcode-single-image-c5058a3522d219820a4c9d9cd50102bd.enable-bg-rollover .rollover-video i {\n  background: ;\n  background: -webkit-linear-gradient();\n  background: linear-gradient();\n}\n.shortcode-single-image-wrap.shortcode-single-image-c5058a3522d219820a4c9d9cd50102bd .rollover-icon {\n  font-size: 32px;\n  color: #ffffff;\n  min-width: 44px;\n  min-height: 44px;\n  line-height: 44px;\n  border-radius: 100px;\n  border-style: solid;\n  border-width: 0px;\n}\n.dt-icon-bg-on.shortcode-single-image-wrap.shortcode-single-image-c5058a3522d219820a4c9d9cd50102bd .rollover-icon {\n  background: rgba(255,255,255,0.3);\n  -webkit-box-shadow: none;\n  box-shadow: none;\n}\n<\/style><div class=\"shortcode-single-image-wrap shortcode-single-image-c5058a3522d219820a4c9d9cd50102bd alignnone  enable-bg-rollover dt-icon-bg-off\" style=\"margin-top:0px; margin-bottom:0px; margin-left:0px; margin-right:0px; width:350px;\"><div class=\"shortcode-single-image\"><div class=\"fancy-media-wrap  layzr-bg\" style=\"\"><img loading=\"lazy\" decoding=\"async\" class=\"preload-me lazy-load\" src=\"data:image\/svg+xml,%3Csvg%20xmlns%3D&#39;http%3A%2F%2Fwww.w3.org%2F2000%2Fsvg&#39;%20viewBox%3D&#39;0%200%20350%20350&#39;%2F%3E\" data-src=\"http:\/\/www.irnofestival.it\/XXIII\/wp-content\/uploads\/2021\/06\/irnofestival-XXIII-curriculum-3-350x350.png\" data-srcset=\"http:\/\/www.irnofestival.it\/XXIII\/wp-content\/uploads\/2021\/06\/irnofestival-XXIII-curriculum-3-350x350.png 350w, http:\/\/www.irnofestival.it\/XXIII\/wp-content\/uploads\/2021\/06\/irnofestival-XXIII-curriculum-3.png 440w\" width=\"350\" height=\"350\"  data-dt-location=\"http:\/\/www.irnofestival.it\/XXIII\/04-settembre-2021\/irnofestival-xxiii-curriculum-3\/\" style=\"\" alt=\"alessio boni irnofestival\" \/><\/div><\/div><\/div>[\/vc_column][vc_column width=&#8221;3\/4&#8243;][vc_column_text]<\/p>\n<h3>Alessio Boni<\/h3>\n<p>C&#8217;\u00e8 un motto che caratterizza Alessio Boni fin da adolescente: &#8220;Se il tuo mondo non ti permette di sognare, scappa verso un dove puoi&#8221;.<\/p>\n<p>A 19 anni, conseguito il diploma di ragioneria, lascia il lavoro di piastrellista e il lago d&#8217;Iseo, dove \u00e8 nato. Non immagina che non ci torner\u00e0 pi\u00f9 e che, dal quel momento, non si fermer\u00e0 pi\u00f9. Non sa ancora quale sia il suo sogno. Lo cerca a Milano (in polizia), in America (dove fa di tutto: newspaper delivery boy, lavapiatti, babysitter), poi nei villaggi turistici (come animatore).<\/p>\n<p>Lo trova finalmente a 22 anni, la prima volta che va a teatro. Vede La Gatta Cenerentola di Roberto De Simone, che gli cambia la vita. Da l\u00ec, l&#8217;ammissione all&#8217;Accademia d&#8217;Arte Drammatica Silvio D&#8217;Amico a Roma; incontri importanti con maestri come Andres Rallis, Orazio Costa Giovangigli, Peter Stein; gli anni di tourn\u00e9e teatrale con Giorgio Strehler e Luca Ronconi; il debutto sul piccolo schermo con La donna del treno per la regia di Carlo Lizzani, e sul grande con La meglio giovent\u00f9 di Marco Tullio Giordana.<\/p>\n<p>L&#8217;interpretazione di Matteo Carati gli fa da trampolino di lancio. La sua carriera professionale spicca il volo e, ruolo dopo ruolo, scopre nuovi mondi in cui sognare: interpreta Caravaggio, Giacomo Puccini, il principe Andrej Bolkonskij, Walter Chiari, Ulisse e perfino Dio nello spettacolo teatrale Il visitatore diretto da Valerio Binasco.<\/p>\n<p>Nel 2019 \u00e8 al cinema con Tutte le mie notti di Manfredi Lucibello e Non sono un assassino di Andrea Zaccariello. \u00c8 stato in televisione con La compagnia del cigno di Ivan Cotroneo e con un cameo ne Il nome della rosa, fiction internazionale firmata Giacomo Battiato, ispirata al romanzo di Umberto Eco e alla trasposizione cinematografica di Jean-Jacques Annaud. In autunno torner\u00e0 sul piccolo schermo con la seconda stagione della fortunata serie Rai La strada di casa.<\/p>\n<p>Nel contempo, varcati i 50 anni, dopo circa 30 trascorsi tra palco e set, la curiosit\u00e0 lo ha portato anche &#8220;dall&#8217;altra parte della barricata&#8221;. Nel 2015 ha esordito alla regia teatrale con lo spettacolo I duellanti tratto dal libro di Joseph Conrad. Quest&#8217;anno si \u00e8 cimentato con il capolavoro di Miguel de Cervantes, Don Chisciotte, di cui ha curato la regia e interpretato il protagonista.<\/p>\n<p><a href=\"https:\/\/www.alessioboni.it\/index.html#home\">www.alessioboni.it<\/a>[\/vc_column_text][\/vc_column][\/vc_row][vc_row margin_top=&#8221;80px&#8221; margin_bottom=&#8221;80px&#8221; css=&#8221;.vc_custom_1563279048769{margin-bottom: 60px !important;}&#8221;][vc_column]<div class=\"dt-fancy-separator title-left\" style=\"width: 100%;\"><div class=\"dt-fancy-title\"><span class=\"separator-holder separator-left\"><\/span>Curriculum artisti<span class=\"separator-holder separator-right\"><\/span><\/div><\/div>[\/vc_column][\/vc_row][vc_row type=&#8221;vc_default&#8221; full_width=&#8221;stretch_row&#8221; gap=&#8221;35&#8243;][vc_column width=&#8221;1\/4&#8243;]<style type=\"text\/css\" data-type=\"the7_shortcodes-inline-css\">.shortcode-single-image-wrap.shortcode-single-image-f361d725e4e0e2ab5e68e9dcf8b2a216.enable-bg-rollover .rollover i,\n.shortcode-single-image-wrap.shortcode-single-image-f361d725e4e0e2ab5e68e9dcf8b2a216.enable-bg-rollover .rollover-video i {\n  background: ;\n  background: -webkit-linear-gradient();\n  background: linear-gradient();\n}\n.shortcode-single-image-wrap.shortcode-single-image-f361d725e4e0e2ab5e68e9dcf8b2a216 .rollover-icon {\n  font-size: 32px;\n  color: #ffffff;\n  min-width: 44px;\n  min-height: 44px;\n  line-height: 44px;\n  border-radius: 100px;\n  border-style: solid;\n  border-width: 0px;\n}\n.dt-icon-bg-on.shortcode-single-image-wrap.shortcode-single-image-f361d725e4e0e2ab5e68e9dcf8b2a216 .rollover-icon {\n  background: rgba(255,255,255,0.3);\n  -webkit-box-shadow: none;\n  box-shadow: none;\n}\n<\/style><div class=\"shortcode-single-image-wrap shortcode-single-image-f361d725e4e0e2ab5e68e9dcf8b2a216 alignnone  enable-bg-rollover dt-icon-bg-off\" style=\"margin-top:0px; margin-bottom:0px; margin-left:0px; margin-right:0px; width:350px;\"><div class=\"shortcode-single-image\"><div class=\"fancy-media-wrap  layzr-bg\" style=\"\"><img loading=\"lazy\" decoding=\"async\" class=\"preload-me lazy-load\" src=\"data:image\/svg+xml,%3Csvg%20xmlns%3D&#39;http%3A%2F%2Fwww.w3.org%2F2000%2Fsvg&#39;%20viewBox%3D&#39;0%200%20350%20350&#39;%2F%3E\" data-src=\"http:\/\/www.irnofestival.it\/XXIII\/wp-content\/uploads\/2021\/06\/irnofestival-XXIII-curriculum-4-350x350.png\" data-srcset=\"http:\/\/www.irnofestival.it\/XXIII\/wp-content\/uploads\/2021\/06\/irnofestival-XXIII-curriculum-4-350x350.png 350w, http:\/\/www.irnofestival.it\/XXIII\/wp-content\/uploads\/2021\/06\/irnofestival-XXIII-curriculum-4.png 440w\" width=\"350\" height=\"350\"  data-dt-location=\"http:\/\/www.irnofestival.it\/XXIII\/04-settembre-2021\/irnofestival-xxiii-curriculum-4\/\" style=\"\" alt=\"irnofestival marcello prayer\" \/><\/div><\/div><\/div>[\/vc_column][vc_column width=&#8221;3\/4&#8243;][vc_column_text]<\/p>\n<h3>Marcello Prayer<\/h3>\n<p>\u00c8 nato nel 1965.<\/p>\n<p>Nel 1988 si \u00e8 diplomato alla Scuola di Espressione e di Interpretazione Scenica di Orazio Costa Giovangigli presso il Consorzio Teatro Pubblico Pugliese di Bari.<\/p>\n<p>Ha iniziato la carriera di attore sia di teatro classico che delle pi\u00f9 avanzate esperienze di sperimentazione. Grazie a varie prove di lettura dantesca con il Maestro Orazio Costa (di cui \u00e8 stato allievo e collaboratore per diversi anni), partecipa al progetto \u201cDivina Commedia \u2013 laboratorio per un Teatro di Poesia\u201d diretto da Federico Tiezzi (comp. teatrale \u201cI Magazzini\u201d di Firenze) andato in scena nell\u2019edizione integrale al Teatro Petruzzelli di Bari e al \u201cMittelfest\u201d di Cividale del Friuli (1\u00b0 edizione con la direzione artistica di Giorgio Pressburger). \u00c8 stato impegnato con l\u2019Orchestra Sinfonica Nazionale della RAI nello \u201cEvgenij Onegin\u201d di Prokof\u2019ev (direttore Frank Shipway, drammaturgia e regia di Luciano Alberti) presso l\u2019Auditorium \u201cG. Agnelli\u201d \u2013 Lingotto e l\u2019Auditorium RAI di Torino, e con il Teatro Del Carretto di Lucca per la messa in scena di \u201cRomeo e Giulietta\u201d da W. Shakespeare, \u201cIliade\u201d da Omero, \u201cBella e la Bestia\u201d per la regia di Maria Grazia Cipriani.<\/p>\n<p>Dal 1992 si dedica anche alla regia. Svolge attivit\u00e0 di insegnamento e diffusione del \u201cMetodo Mimico\u201d di Orazio Costa, applicato alla poesia in forma di \u2018Coro\u2019, collaborando in diverse occasioni con l\u2019Accademia Nazionale d\u2019Arte Drammatica \u201cSilvio D\u2019Amico\u201d di Roma.<\/p>\n<p>Dal 2003\/\u201904 \u00e8 direttore artistico della scuola di teatro Officina \u2013 Teatro del Banchero di Taggia (Imperia).<\/p>\n<p>Fra il 2009 e il 2010 ha la Direzione Artistica della Associazione Arte nel Cuore-Teatro Integrato Abili\/Disabili e cura la regia dello spettacolo Soffio di forme della nuova terra al Teatro Olimpico di Roma.<\/p>\n<p>Fra gli ultimi spettacoli interpretati:<\/p>\n<p>I Duellanti, di Conrad con Alessio Boni, regia Roberto Aldorasi<\/p>\n<p>Gospodin, di Phillip Lohle, con Claudio Santamaria, regia di Giorgio Barberi Corsetti<\/p>\n<p>In fragrante delicto, di Francesco Niccolini, regia Roberto Aldorasi<\/p>\n<p>Carne Rossa Carne Nera di Gianni Cascone insieme ad Alessio Boni<\/p>\n<p>Othello, regia di Giancarlo Sepe insieme a Andrea Giordana (nella parte di Jago)<\/p>\n<p>Realt\u00e0 e Verit\u00e0. Serata per Pasolini, insieme a Alessio Boni<\/p>\n<p>Di sangue e di terra. Serata per Pavese, insieme a Alessio Boni<\/p>\n<p>Il Platone della Casilina. Omaggio a Platone e Pasolini di Gianni Cascone<\/p>\n<p>Di recente ha partecipato a progetti cinematografici quali \u201cLa meglio giovent\u00f9\u201d e \u201cQuando sei nato non puoi pi\u00f9 nasconderti\u201d per la regia di Marco Tullio Giordana, \u201cIl furto della Gioconda\u201d per la regia di Fabrizio Costa;<\/p>\n<p>\u201cGalantuomini\u201d regia di Edoardo Winspeare; \u201cL\u2019ultimo crodino\u201d regia Umberto Spinazzola; \u201cFeisbum\u201d film in 8 episodi da un\u2019idea di Marco Scaffardi e Serafino Murri. E\u2019 nel cast del nuovo film di Marco Tullio Giorgana sulla strage di Piazza Fontana.[\/vc_column_text][\/vc_column][\/vc_row]<\/p>\n","protected":false},"excerpt":{"rendered":"<p>[vc_row type=&#8221;vc_default&#8221; full_width=&#8221;stretch_row&#8221; gap=&#8221;35&#8243; css=&#8221;.vc_custom_1563279037468{padding-top: 80px !important;padding-bottom: 80px !important;background-color: #f6f6f6 !important;}&#8221;][vc_column offset=&#8221;vc_col-lg-offset-1 vc_col-lg-10 vc_col-md-offset-1 vc_col-md-10 vc_col-xs-12&#8243;][vc_column_text] Alessio Boni e Marcello Prayer in &#8220;Canto degli Esclusi&#8221; concertato a due per Alda Merini &#8220;Se un poeta dona le proprie carte con l\u2019intenzione di regalare i propri patimenti, le ansie, le sue mille anime, gli altri dovrebbero ringraziarlo&hellip;<\/p>\n","protected":false},"author":1,"featured_media":0,"parent":0,"menu_order":0,"comment_status":"closed","ping_status":"closed","template":"","meta":[],"class_list":["post-175","page","type-page","status-publish","hentry","description-off"],"_links":{"self":[{"href":"http:\/\/www.irnofestival.it\/XXIII\/wp-json\/wp\/v2\/pages\/175","targetHints":{"allow":["GET"]}}],"collection":[{"href":"http:\/\/www.irnofestival.it\/XXIII\/wp-json\/wp\/v2\/pages"}],"about":[{"href":"http:\/\/www.irnofestival.it\/XXIII\/wp-json\/wp\/v2\/types\/page"}],"author":[{"embeddable":true,"href":"http:\/\/www.irnofestival.it\/XXIII\/wp-json\/wp\/v2\/users\/1"}],"replies":[{"embeddable":true,"href":"http:\/\/www.irnofestival.it\/XXIII\/wp-json\/wp\/v2\/comments?post=175"}],"version-history":[{"count":4,"href":"http:\/\/www.irnofestival.it\/XXIII\/wp-json\/wp\/v2\/pages\/175\/revisions"}],"predecessor-version":[{"id":263,"href":"http:\/\/www.irnofestival.it\/XXIII\/wp-json\/wp\/v2\/pages\/175\/revisions\/263"}],"wp:attachment":[{"href":"http:\/\/www.irnofestival.it\/XXIII\/wp-json\/wp\/v2\/media?parent=175"}],"curies":[{"name":"wp","href":"https:\/\/api.w.org\/{rel}","templated":true}]}}